{"id":622,"date":"2020-11-18T09:58:06","date_gmt":"2020-11-18T08:58:06","guid":{"rendered":"https:\/\/consulta-medica-mallorca.com\/home\/"},"modified":"2023-12-11T15:10:40","modified_gmt":"2023-12-11T14:10:40","slug":"home","status":"publish","type":"page","link":"https:\/\/consulta-medica-mallorca.com\/es\/","title":{"rendered":"Inicio"},"content":{"rendered":"<p>[et_pb_section fb_built=\u00bb1&#8243; admin_label=\u00bbSektion\u00bb _builder_version=\u00bb4.16&#8243; _module_preset=\u00bbdefault\u00bb width=\u00bb100%\u00bb custom_margin=\u00bb-50px||-30px||false|false\u00bb global_colors_info=\u00bb{}\u00bb][et_pb_row _builder_version=\u00bb4.16&#8243; _module_preset=\u00bbdefault\u00bb width=\u00bb100%\u00bb module_alignment=\u00bbcenter\u00bb global_colors_info=\u00bb{}\u00bb][et_pb_column type=\u00bb4_4&#8243; _builder_version=\u00bb4.16&#8243; _module_preset=\u00bbdefault\u00bb global_colors_info=\u00bb{}\u00bb]<\/p>\n<p>[et_pb_gallery gallery_ids=\u00bb1113,1116,1119,1226,1128,430,1122,433,1141&#8243; fullwidth=\u00bbon\u00bb admin_label=\u00bbSlider\u00bb _builder_version=\u00bb4.7.4&#8243; _module_preset=\u00bbdefault\u00bb custom_margin=\u00bb-20px||-20px||false|false\u00bb child_mix_blend_mode=\u00bbexclusion\u00bb auto=\u00bbon\u00bb hover_transition_duration=\u00bb200ms\u00bb border_radii=\u00bbon|20px|20px|20px|20px\u00bb border_width_all=\u00bb1px\u00bb border_color_all=\u00bbrgba(0,0,0,0)\u00bb box_shadow_style=\u00bbpreset3&#8243;][\/et_pb_gallery]<\/p>\n<p>[\/et_pb_column][\/et_pb_row][\/et_pb_section][et_pb_section fb_built=\u00bb1&#8243; _builder_version=\u00bb4.16&#8243; custom_margin=\u00bb-30px||||false|false\u00bb global_colors_info=\u00bb{}\u00bb][et_pb_row _builder_version=\u00bb4.16&#8243; global_colors_info=\u00bb{}\u00bb][et_pb_column type=\u00bb4_4&#8243; _builder_version=\u00bb4.16&#8243; global_colors_info=\u00bb{}\u00bb][et_pb_text _builder_version=\u00bb4.22.2&#8243; global_colors_info=\u00bb{}\u00bb]<\/p>\n<p>Estimados pacientes,<\/p>\n<p>Bienvenido en la pagina web de Dra. Milanka Kraemer y su equipo.<\/p>\n<p>Nuestro enfoque es mirar a cada paciente de manera integral y tomarnos el tiempo que cada paciente necesita para desarrollar un concepto de terapia individualizado.<\/p>\n<p>Obtenga m\u00e1s informaci\u00f3n sobre la consulta y c\u00f3mo apoyamos su salud de manera integral y con la \u00faltima tecnolog\u00eda.<\/p>\n<p>Esperamos verle<\/p>\n<p>Su Dra. Milanka Kraemer<\/p>\n<p>[\/et_pb_text][\/et_pb_column][\/et_pb_row][\/et_pb_section]<\/p>\n","protected":false},"excerpt":{"rendered":"<p>Estimados pacientes, Bienvenido en la pagina web de Dra. Milanka Kraemer y su equipo. Nuestro enfoque es mirar a cada paciente de manera integral y tomarnos el tiempo que cada paciente necesita para desarrollar un concepto de terapia individualizado. Obtenga m\u00e1s informaci\u00f3n sobre la consulta y c\u00f3mo apoyamos su salud de manera integral y con [&hellip;]<\/p>\n","protected":false},"author":1,"featured_media":0,"parent":0,"menu_order":0,"comment_status":"closed","ping_status":"closed","template":"","meta":{"_et_pb_use_builder":"on","_et_pb_old_content":"","_et_gb_content_width":"","footnotes":""},"class_list":["post-622","page","type-page","status-publish","hentry"],"aioseo_notices":[],"_links":{"self":[{"href":"https:\/\/consulta-medica-mallorca.com\/es\/wp-json\/wp\/v2\/pages\/622","targetHints":{"allow":["GET"]}}],"collection":[{"href":"https:\/\/consulta-medica-mallorca.com\/es\/wp-json\/wp\/v2\/pages"}],"about":[{"href":"https:\/\/consulta-medica-mallorca.com\/es\/wp-json\/wp\/v2\/types\/page"}],"author":[{"embeddable":true,"href":"https:\/\/consulta-medica-mallorca.com\/es\/wp-json\/wp\/v2\/users\/1"}],"replies":[{"embeddable":true,"href":"https:\/\/consulta-medica-mallorca.com\/es\/wp-json\/wp\/v2\/comments?post=622"}],"version-history":[{"count":10,"href":"https:\/\/consulta-medica-mallorca.com\/es\/wp-json\/wp\/v2\/pages\/622\/revisions"}],"predecessor-version":[{"id":1233,"href":"https:\/\/consulta-medica-mallorca.com\/es\/wp-json\/wp\/v2\/pages\/622\/revisions\/1233"}],"wp:attachment":[{"href":"https:\/\/consulta-medica-mallorca.com\/es\/wp-json\/wp\/v2\/media?parent=622"}],"curies":[{"name":"wp","href":"https:\/\/api.w.org\/{rel}","templated":true}]}}